{"id":6,"date":"2016-12-16T23:33:40","date_gmt":"2016-12-16T23:33:40","guid":{"rendered":"http:\/\/inspirare.be\/?page_id=6"},"modified":"2017-02-07T21:55:14","modified_gmt":"2017-02-07T21:55:14","slug":"presentation","status":"publish","type":"page","link":"https:\/\/inspirare.be\/index.php\/fr\/presentation\/","title":{"rendered":"Pr\u00e9sentation"},"content":{"rendered":"<p style=\"width: 100%; margin-bottom: 35px;\"><img decoding=\"async\" loading=\"lazy\" width=\"2248\" height=\"862\" src=\"https:\/\/inspirare.be\/wp-content\/uploads\/2017\/02\/imagen-3_croped.jpg\" alt=\"\" class=\"alignnone size-medium wp-image-802\" style=\"width: 100%;\" srcset=\"https:\/\/inspirare.be\/wp-content\/uploads\/2017\/02\/imagen-3_croped.jpg 2248w, https:\/\/inspirare.be\/wp-content\/uploads\/2017\/02\/imagen-3_croped-300x115.jpg 300w, https:\/\/inspirare.be\/wp-content\/uploads\/2017\/02\/imagen-3_croped-768x294.jpg 768w, https:\/\/inspirare.be\/wp-content\/uploads\/2017\/02\/imagen-3_croped-1024x393.jpg 1024w\" sizes=\"(max-width: 2248px) 100vw, 2248px\" \/><\/p>\n<div style=\"width: 85%; margin: auto; padding-bottom: 60px;\">\n<p style=\"text-align: left;\"><strong>Claudia Mendiz\u00e1bal<br \/>\n<\/strong><\/p>\n<p style=\"text-align: left;\">Danseuse et com\u00e9dienne, Claudia \u00e9tudie le mouvement d\u00e8s l\u2019enfance. Son parcours intensif en gymnastique artistique la m\u00e8ne au niveau de premi\u00e8re athl\u00e8te nationale en Bolivie. Tr\u00e8s vite, elle se consacre \u00e9galement \u00e0 la danse moderne et \u00e0 la danse contemporaine dans diff\u00e9rentes compagnies. Claudia termine, en parall\u00e8le, des \u00e9tudes de communication \u00e0 l\u2019Universit\u00e9 Catholique et d\u00e9croche une sp\u00e9cialisation en audiovisuel. Dans sa recherche artistique, elle s\u2019int\u00e9resse \u00e0 l\u2019articulation des langages \u2013 mouvement et parole. Apr\u00e8s une p\u00e9riode d\u2019enseignement et d\u2019\u00e9changes artistiques en France, elle rejoint la Kleine Academie, \u00e9cole internationale de th\u00e9\u00e2tre de mouvement, \u00e0 Bruxelles.<\/p>\n<p style=\"text-align: left;\">La d\u00e9couverte du Pilates et du Yoga, qui viennent nourrir son travail artistique, lui donne tr\u00e8s vite l\u2019envie de transmettre ses pratiques. Elle acquiert les titres de professeur de Stott Pilates avec Marina Buntovskikh (Bruxelles) et de Peak Pilates (Barcelone). Sa pratique du Yoga Iyengar avec Willy Bok et Rita Poelvoort, l\u2019inspire et la conduit vers une nouvelle \u00e9tape dans son parcours professionnel. Cette d\u00e9marche la m\u00e8ne vers la m\u00e9ditation en Pleine Conscience (Mindfulness), qu\u2019elle pratique r\u00e9guli\u00e8rement dans son travail du mouvement.<\/p>\n<p style=\"text-align: left;\">Aujourd\u2019hui ces multiples comp\u00e9tences se concr\u00e9tisent dans la r\u00e9alisation de <strong><em>Inspirare<\/em><\/strong>. Inspirare est un projet qui allie mouvement et pleine conscience dans l\u2019objectif de se connecter \u00e0 soi-m\u00eame et de d\u00e9ployer sa cr\u00e9ativit\u00e9 et son bien-\u00eatre.<\/p>\n<\/div>\n","protected":false},"excerpt":{"rendered":"<p>Claudia Mendiz\u00e1bal Danseuse et com\u00e9dienne, Claudia \u00e9tudie le mouvement d\u00e8s l\u2019enfance. Son parcours intensif en gymnastique artistique la m\u00e8ne au niveau de premi\u00e8re athl\u00e8te nationale en Bolivie. Tr\u00e8s vite, elle se consacre \u00e9galement \u00e0 la danse moderne et \u00e0 la<\/p>\n","protected":false},"author":1,"featured_media":0,"parent":0,"menu_order":0,"comment_status":"closed","ping_status":"closed","template":"","meta":[],"jetpack_sharing_enabled":true,"jetpack_shortlink":"https:\/\/wp.me\/P8e5ga-6","jetpack_likes_enabled":true,"_links":{"self":[{"href":"https:\/\/inspirare.be\/index.php\/wp-json\/wp\/v2\/pages\/6"}],"collection":[{"href":"https:\/\/inspirare.be\/index.php\/wp-json\/wp\/v2\/pages"}],"about":[{"href":"https:\/\/inspirare.be\/index.php\/wp-json\/wp\/v2\/types\/page"}],"author":[{"embeddable":true,"href":"https:\/\/inspirare.be\/index.php\/wp-json\/wp\/v2\/users\/1"}],"replies":[{"embeddable":true,"href":"https:\/\/inspirare.be\/index.php\/wp-json\/wp\/v2\/comments?post=6"}],"version-history":[{"count":13,"href":"https:\/\/inspirare.be\/index.php\/wp-json\/wp\/v2\/pages\/6\/revisions"}],"predecessor-version":[{"id":804,"href":"https:\/\/inspirare.be\/index.php\/wp-json\/wp\/v2\/pages\/6\/revisions\/804"}],"wp:attachment":[{"href":"https:\/\/inspirare.be\/index.php\/wp-json\/wp\/v2\/media?parent=6"}],"curies":[{"name":"wp","href":"https:\/\/api.w.org\/{rel}","templated":true}]}}